{"id":11,"date":"2026-07-08T16:16:48","date_gmt":"2026-07-08T19:16:48","guid":{"rendered":"http:\/\/localhost:8888\/floraskin\/?page_id=11"},"modified":"2026-07-27T18:32:55","modified_gmt":"2026-07-27T21:32:55","slug":"home","status":"publish","type":"page","link":"https:\/\/brandingready.cl\/demos\/centro_estetica\/","title":{"rendered":"Home"},"content":{"rendered":"\n<div class=\"wp-block-uagb-container uagb-block-d952c9f7 alignfull uagb-is-root-container\">\n<div class=\"wp-block-uagb-advanced-heading uagb-block-1cf11936\"><h2 class=\"uagb-heading-text\">Resalta tu Belleza Natural D\u00eda a D\u00eda<\/h2><\/div>\n\n\n\n<p class=\"has-text-align-center has-ast-global-color-4-color has-text-color has-link-color wp-elements-1 wp-block-paragraph\">Tratamientos dermoest\u00e9ticos avanzados y cuidado integral. <br>Centro de Santiago, Chile<\/p>\n\n\n\n<div class=\"wp-block-uagb-buttons uagb-buttons__outer-wrap uagb-btn__default-btn uagb-btn-tablet__default-btn uagb-btn-mobile__default-btn uagb-block-0bf8ed73\"><div class=\"uagb-buttons__wrap uagb-buttons-layout-wrap \">\n<div class=\"wp-block-uagb-buttons-child uagb-buttons__outer-wrap uagb-block-3910f17d wp-block-button\"><div class=\"uagb-button__wrapper\"><a class=\"uagb-buttons-repeater wp-block-button__link\" aria-label=\"\" href=\"#servicios\" rel=\"follow noopener\" target=\"_self\" role=\"button\"><div class=\"uagb-button__link\">Ver Tratamientos y Precios<\/div><\/a><\/div><\/div>\n<\/div><\/div>\n<\/div>\n\n\n\n<div class=\"wp-block-uagb-container uagb-block-fe354b9f alignfull uagb-is-root-container\"><div class=\"uagb-container-inner-blocks-wrap\">\n<div class=\"wp-block-uagb-container uagb-block-13a7ad29\">\n<figure class=\"wp-block-image aligncenter size-full\"><img loading=\"lazy\" decoding=\"async\" width=\"100\" height=\"100\" src=\"https:\/\/brandingready.cl\/demos\/centro_estetica\/wp-content\/uploads\/2026\/07\/icon-floraskin-01.png\" alt=\"\" class=\"wp-image-35\"\/><\/figure>\n\n\n\n<div class=\"wp-block-uagb-advanced-heading uagb-block-9bad0e63\"><h3 class=\"uagb-heading-text\">Evaluaci\u00f3n Personalizada<\/h3><\/div>\n\n\n\n<p class=\"has-text-align-center wp-block-paragraph\">Cada piel es \u00fanica; dise\u00f1amos un plan a tu medida.<\/p>\n<\/div>\n\n\n\n<div class=\"wp-block-uagb-container uagb-block-7352943e\">\n<figure class=\"wp-block-image aligncenter size-full\"><img loading=\"lazy\" decoding=\"async\" width=\"100\" height=\"100\" src=\"https:\/\/brandingready.cl\/demos\/centro_estetica\/wp-content\/uploads\/2026\/07\/icon-floraskin-02.png\" alt=\"\" class=\"wp-image-36\"\/><\/figure>\n\n\n\n<div class=\"wp-block-uagb-advanced-heading uagb-block-54a9d545\"><h3 class=\"uagb-heading-text\">Tecnolog\u00eda Segura<\/h3><\/div>\n\n\n\n<p class=\"has-text-align-center wp-block-paragraph\">Equipamiento aprobado y de vanguardia cl\u00ednica.<\/p>\n<\/div>\n\n\n\n<div class=\"wp-block-uagb-container uagb-block-8d08f3a2\">\n<figure class=\"wp-block-image aligncenter size-full\"><img loading=\"lazy\" decoding=\"async\" width=\"100\" height=\"100\" src=\"https:\/\/brandingready.cl\/demos\/centro_estetica\/wp-content\/uploads\/2026\/07\/icon-floraskin-03.png\" alt=\"\" class=\"wp-image-37\"\/><\/figure>\n\n\n\n<div class=\"wp-block-uagb-advanced-heading uagb-block-8e3ba53d\"><h3 class=\"uagb-heading-text\">Bienestar Consciente<\/h3><\/div>\n\n\n\n<p class=\"has-text-align-center wp-block-paragraph\">Productos respetuosos con tu salud y el medio ambiente<\/p>\n<\/div>\n<\/div><\/div>\n\n\n\n<div id=\"servicios\" class=\"wp-block-uagb-container uagb-block-e6efd253 alignfull uagb-is-root-container\"><div class=\"uagb-container-inner-blocks-wrap\">\n<div class=\"wp-block-uagb-advanced-heading uagb-block-447889bb\"><h1 class=\"uagb-heading-text\">Nuestros Servicios<\/h1><\/div>\n<\/div><\/div>\n\n\n\n<div class=\"wp-block-uagb-container uagb-block-6b64ce0c alignfull uagb-is-root-container\"><div class=\"uagb-container-inner-blocks-wrap\">\n<div class=\"wp-block-uagb-container uagb-block-dcdcab58\">\n<figure class=\"wp-block-image size-large\"><img loading=\"lazy\" decoding=\"async\" width=\"1024\" height=\"683\" src=\"https:\/\/brandingready.cl\/demos\/centro_estetica\/wp-content\/uploads\/2026\/07\/2151983508-2-1024x683.jpg\" alt=\"\" class=\"wp-image-53\" srcset=\"https:\/\/brandingready.cl\/demos\/centro_estetica\/wp-content\/uploads\/2026\/07\/2151983508-2-1024x683.jpg 1024w, https:\/\/brandingready.cl\/demos\/centro_estetica\/wp-content\/uploads\/2026\/07\/2151983508-2-300x200.jpg 300w, https:\/\/brandingready.cl\/demos\/centro_estetica\/wp-content\/uploads\/2026\/07\/2151983508-2-768x512.jpg 768w, https:\/\/brandingready.cl\/demos\/centro_estetica\/wp-content\/uploads\/2026\/07\/2151983508-2-1536x1025.jpg 1536w, https:\/\/brandingready.cl\/demos\/centro_estetica\/wp-content\/uploads\/2026\/07\/2151983508-2.jpg 2000w\" sizes=\"auto, (max-width: 1024px) 100vw, 1024px\" \/><\/figure>\n\n\n\n<div class=\"wp-block-uagb-advanced-heading uagb-block-70daa15f\"><h4 class=\"uagb-heading-text\">Facial Avanzado<\/h4><\/div>\n\n\n\n<p class=\"has-text-align-center wp-block-paragraph\">Limpieza Profunda + Hidrataci\u00f3n Ultra<br><strong>$55.000<\/strong><\/p>\n<\/div>\n\n\n\n<div class=\"wp-block-uagb-container uagb-block-6c8d938e\">\n<figure class=\"wp-block-image size-large\"><img loading=\"lazy\" decoding=\"async\" width=\"1024\" height=\"682\" src=\"https:\/\/brandingready.cl\/demos\/centro_estetica\/wp-content\/uploads\/2026\/07\/2149380027-1024x682.jpg\" alt=\"\" class=\"wp-image-44\" srcset=\"https:\/\/brandingready.cl\/demos\/centro_estetica\/wp-content\/uploads\/2026\/07\/2149380027-1024x682.jpg 1024w, https:\/\/brandingready.cl\/demos\/centro_estetica\/wp-content\/uploads\/2026\/07\/2149380027-300x200.jpg 300w, https:\/\/brandingready.cl\/demos\/centro_estetica\/wp-content\/uploads\/2026\/07\/2149380027-768x512.jpg 768w, https:\/\/brandingready.cl\/demos\/centro_estetica\/wp-content\/uploads\/2026\/07\/2149380027-1536x1024.jpg 1536w, https:\/\/brandingready.cl\/demos\/centro_estetica\/wp-content\/uploads\/2026\/07\/2149380027.jpg 2000w\" sizes=\"auto, (max-width: 1024px) 100vw, 1024px\" \/><\/figure>\n\n\n\n<div class=\"wp-block-uagb-advanced-heading uagb-block-b7943b9c\"><h4 class=\"uagb-heading-text\">Corporal &amp; Relajaci\u00f3n<\/h4><\/div>\n\n\n\n<p class=\"has-text-align-center wp-block-paragraph\">Limpieza Profunda + Hidrataci\u00f3n Ultra<br><strong>$48.000<\/strong><\/p>\n<\/div>\n\n\n\n<div class=\"wp-block-uagb-container uagb-block-f64cf671\">\n<figure class=\"wp-block-image size-full\"><img loading=\"lazy\" decoding=\"async\" width=\"1000\" height=\"667\" src=\"https:\/\/brandingready.cl\/demos\/centro_estetica\/wp-content\/uploads\/2026\/07\/4611.jpg\" alt=\"\" class=\"wp-image-86\" srcset=\"https:\/\/brandingready.cl\/demos\/centro_estetica\/wp-content\/uploads\/2026\/07\/4611.jpg 1000w, https:\/\/brandingready.cl\/demos\/centro_estetica\/wp-content\/uploads\/2026\/07\/4611-300x200.jpg 300w, https:\/\/brandingready.cl\/demos\/centro_estetica\/wp-content\/uploads\/2026\/07\/4611-768x512.jpg 768w\" sizes=\"auto, (max-width: 1000px) 100vw, 1000px\" \/><\/figure>\n\n\n\n<div class=\"wp-block-uagb-advanced-heading uagb-block-0d3a2b99\"><h4 class=\"uagb-heading-text\">Tecnolog\u00eda D\u00e9rmica<\/h4><\/div>\n\n\n\n<p class=\"has-text-align-center wp-block-paragraph\">Limpieza Profunda + Hidrataci\u00f3n Ultra<br><strong>$47.000<\/strong><\/p>\n<\/div>\n<\/div><\/div>\n\n\n\n<div class=\"wp-block-uagb-container uagb-block-d2f2e3ae alignfull uagb-is-root-container\"><div class=\"uagb-container-inner-blocks-wrap\">\n<div class=\"wp-block-uagb-container uagb-block-69b4e0f7\">\n<figure class=\"wp-block-image size-full\"><img loading=\"lazy\" decoding=\"async\" width=\"1001\" height=\"693\" src=\"https:\/\/brandingready.cl\/demos\/centro_estetica\/wp-content\/uploads\/2026\/07\/19857.jpg\" alt=\"\" class=\"wp-image-88\" srcset=\"https:\/\/brandingready.cl\/demos\/centro_estetica\/wp-content\/uploads\/2026\/07\/19857.jpg 1001w, https:\/\/brandingready.cl\/demos\/centro_estetica\/wp-content\/uploads\/2026\/07\/19857-300x208.jpg 300w, https:\/\/brandingready.cl\/demos\/centro_estetica\/wp-content\/uploads\/2026\/07\/19857-768x532.jpg 768w\" sizes=\"auto, (max-width: 1001px) 100vw, 1001px\" \/><\/figure>\n\n\n\n<div class=\"wp-block-uagb-advanced-heading uagb-block-5a35ce43\"><h4 class=\"uagb-heading-text\">Facial Avanzado<\/h4><\/div>\n\n\n\n<p class=\"has-text-align-center wp-block-paragraph\">Limpieza Profunda + Hidrataci\u00f3n Ultra<br><strong>$45.000<\/strong><\/p>\n<\/div>\n\n\n\n<div class=\"wp-block-uagb-container uagb-block-e75b9122\">\n<figure class=\"wp-block-image size-full\"><img loading=\"lazy\" decoding=\"async\" width=\"750\" height=\"500\" src=\"https:\/\/brandingready.cl\/demos\/centro_estetica\/wp-content\/uploads\/2026\/07\/2150461389.jpg\" alt=\"\" class=\"wp-image-91\" srcset=\"https:\/\/brandingready.cl\/demos\/centro_estetica\/wp-content\/uploads\/2026\/07\/2150461389.jpg 750w, https:\/\/brandingready.cl\/demos\/centro_estetica\/wp-content\/uploads\/2026\/07\/2150461389-300x200.jpg 300w\" sizes=\"auto, (max-width: 750px) 100vw, 750px\" \/><\/figure>\n\n\n\n<div class=\"wp-block-uagb-advanced-heading uagb-block-5b29de87\"><h4 class=\"uagb-heading-text\">Corporal &amp; Relajaci\u00f3n<\/h4><\/div>\n\n\n\n<p class=\"has-text-align-center wp-block-paragraph\">Limpieza Profunda + Hidrataci\u00f3n Ultra<br><strong>$45.000<\/strong><\/p>\n<\/div>\n\n\n\n<div class=\"wp-block-uagb-container uagb-block-beee8b65\">\n<figure class=\"wp-block-image size-large\"><img loading=\"lazy\" decoding=\"async\" width=\"1024\" height=\"683\" src=\"https:\/\/brandingready.cl\/demos\/centro_estetica\/wp-content\/uploads\/2026\/07\/2148766558-1024x683.jpg\" alt=\"\" class=\"wp-image-45\" srcset=\"https:\/\/brandingready.cl\/demos\/centro_estetica\/wp-content\/uploads\/2026\/07\/2148766558-1024x683.jpg 1024w, https:\/\/brandingready.cl\/demos\/centro_estetica\/wp-content\/uploads\/2026\/07\/2148766558-300x200.jpg 300w, https:\/\/brandingready.cl\/demos\/centro_estetica\/wp-content\/uploads\/2026\/07\/2148766558-768x512.jpg 768w, https:\/\/brandingready.cl\/demos\/centro_estetica\/wp-content\/uploads\/2026\/07\/2148766558-1536x1025.jpg 1536w, https:\/\/brandingready.cl\/demos\/centro_estetica\/wp-content\/uploads\/2026\/07\/2148766558.jpg 2000w\" sizes=\"auto, (max-width: 1024px) 100vw, 1024px\" \/><\/figure>\n\n\n\n<div class=\"wp-block-uagb-advanced-heading uagb-block-8019549c\"><h4 class=\"uagb-heading-text\">Tecnolog\u00eda D\u00e9rmica<\/h4><\/div>\n\n\n\n<p class=\"has-text-align-center wp-block-paragraph\">Limpieza Profunda + Hidrataci\u00f3n Ultra<br><strong>$45.000<\/strong><\/p>\n<\/div>\n<\/div><\/div>\n\n\n\n<div class=\"wp-block-uagb-container uagb-block-21df7de2 alignfull uagb-is-root-container\"><div class=\"uagb-container-inner-blocks-wrap\">\n<h1 class=\"wp-block-heading has-text-align-center\" style=\"font-size:50px\">Antes y Despu\u00e9s<\/h1>\n<\/div><\/div>\n\n\n\n<div class=\"wp-block-uagb-container uagb-block-cb22a90c alignfull uagb-is-root-container\"><div class=\"uagb-container-inner-blocks-wrap\">\n<figure class=\"wp-block-gallery has-nested-images columns-default is-cropped wp-block-gallery-1 is-layout-flex wp-block-gallery-is-layout-flex\">\n<figure class=\"wp-block-image size-large\"><a href=\"https:\/\/brandingready.cl\/demos\/centro_estetica\/wp-content\/uploads\/2026\/07\/2150461389.jpg\"><img loading=\"lazy\" decoding=\"async\" width=\"750\" height=\"500\" data-id=\"91\" src=\"https:\/\/brandingready.cl\/demos\/centro_estetica\/wp-content\/uploads\/2026\/07\/2150461389.jpg\" alt=\"\" class=\"wp-image-91\" srcset=\"https:\/\/brandingready.cl\/demos\/centro_estetica\/wp-content\/uploads\/2026\/07\/2150461389.jpg 750w, https:\/\/brandingready.cl\/demos\/centro_estetica\/wp-content\/uploads\/2026\/07\/2150461389-300x200.jpg 300w\" sizes=\"auto, (max-width: 750px) 100vw, 750px\" \/><\/a><\/figure>\n\n\n\n<figure class=\"wp-block-image size-large\"><a href=\"https:\/\/brandingready.cl\/demos\/centro_estetica\/wp-content\/uploads\/2026\/07\/2148906464.jpg\"><img loading=\"lazy\" decoding=\"async\" width=\"1000\" height=\"667\" data-id=\"90\" src=\"https:\/\/brandingready.cl\/demos\/centro_estetica\/wp-content\/uploads\/2026\/07\/2148906464.jpg\" alt=\"\" class=\"wp-image-90\" srcset=\"https:\/\/brandingready.cl\/demos\/centro_estetica\/wp-content\/uploads\/2026\/07\/2148906464.jpg 1000w, https:\/\/brandingready.cl\/demos\/centro_estetica\/wp-content\/uploads\/2026\/07\/2148906464-300x200.jpg 300w, https:\/\/brandingready.cl\/demos\/centro_estetica\/wp-content\/uploads\/2026\/07\/2148906464-768x512.jpg 768w\" sizes=\"auto, (max-width: 1000px) 100vw, 1000px\" \/><\/a><\/figure>\n\n\n\n<figure class=\"wp-block-image size-large\"><a href=\"https:\/\/brandingready.cl\/demos\/centro_estetica\/wp-content\/uploads\/2026\/07\/534038.jpg\"><img loading=\"lazy\" decoding=\"async\" width=\"1000\" height=\"667\" data-id=\"89\" src=\"https:\/\/brandingready.cl\/demos\/centro_estetica\/wp-content\/uploads\/2026\/07\/534038.jpg\" alt=\"\" class=\"wp-image-89\" srcset=\"https:\/\/brandingready.cl\/demos\/centro_estetica\/wp-content\/uploads\/2026\/07\/534038.jpg 1000w, https:\/\/brandingready.cl\/demos\/centro_estetica\/wp-content\/uploads\/2026\/07\/534038-300x200.jpg 300w, https:\/\/brandingready.cl\/demos\/centro_estetica\/wp-content\/uploads\/2026\/07\/534038-768x512.jpg 768w\" sizes=\"auto, (max-width: 1000px) 100vw, 1000px\" \/><\/a><\/figure>\n\n\n\n<figure class=\"wp-block-image size-full\"><a href=\"https:\/\/brandingready.cl\/demos\/centro_estetica\/wp-content\/uploads\/2026\/07\/4617.jpg\"><img loading=\"lazy\" decoding=\"async\" width=\"1000\" height=\"667\" data-id=\"113\" src=\"https:\/\/brandingready.cl\/demos\/centro_estetica\/wp-content\/uploads\/2026\/07\/4617.jpg\" alt=\"\" class=\"wp-image-113\" srcset=\"https:\/\/brandingready.cl\/demos\/centro_estetica\/wp-content\/uploads\/2026\/07\/4617.jpg 1000w, https:\/\/brandingready.cl\/demos\/centro_estetica\/wp-content\/uploads\/2026\/07\/4617-300x200.jpg 300w, https:\/\/brandingready.cl\/demos\/centro_estetica\/wp-content\/uploads\/2026\/07\/4617-768x512.jpg 768w\" sizes=\"auto, (max-width: 1000px) 100vw, 1000px\" \/><\/a><\/figure>\n\n\n\n<figure class=\"wp-block-image size-large\"><a href=\"https:\/\/brandingready.cl\/demos\/centro_estetica\/wp-content\/uploads\/2026\/07\/2149238321.jpg\"><img loading=\"lazy\" decoding=\"async\" width=\"1000\" height=\"667\" data-id=\"92\" src=\"https:\/\/brandingready.cl\/demos\/centro_estetica\/wp-content\/uploads\/2026\/07\/2149238321.jpg\" alt=\"\" class=\"wp-image-92\" srcset=\"https:\/\/brandingready.cl\/demos\/centro_estetica\/wp-content\/uploads\/2026\/07\/2149238321.jpg 1000w, https:\/\/brandingready.cl\/demos\/centro_estetica\/wp-content\/uploads\/2026\/07\/2149238321-300x200.jpg 300w, https:\/\/brandingready.cl\/demos\/centro_estetica\/wp-content\/uploads\/2026\/07\/2149238321-768x512.jpg 768w\" sizes=\"auto, (max-width: 1000px) 100vw, 1000px\" \/><\/a><\/figure>\n\n\n\n<figure class=\"wp-block-image size-large\"><a href=\"https:\/\/brandingready.cl\/demos\/centro_estetica\/wp-content\/uploads\/2026\/07\/6194.jpg\"><img loading=\"lazy\" decoding=\"async\" width=\"801\" height=\"565\" data-id=\"87\" src=\"https:\/\/brandingready.cl\/demos\/centro_estetica\/wp-content\/uploads\/2026\/07\/6194.jpg\" alt=\"\" class=\"wp-image-87\" srcset=\"https:\/\/brandingready.cl\/demos\/centro_estetica\/wp-content\/uploads\/2026\/07\/6194.jpg 801w, https:\/\/brandingready.cl\/demos\/centro_estetica\/wp-content\/uploads\/2026\/07\/6194-300x212.jpg 300w, https:\/\/brandingready.cl\/demos\/centro_estetica\/wp-content\/uploads\/2026\/07\/6194-768x542.jpg 768w\" sizes=\"auto, (max-width: 801px) 100vw, 801px\" \/><\/a><\/figure>\n\n\n\n<figure class=\"wp-block-image size-large\"><a href=\"https:\/\/brandingready.cl\/demos\/centro_estetica\/wp-content\/uploads\/2026\/07\/2090.jpg\"><img loading=\"lazy\" decoding=\"async\" width=\"1000\" height=\"667\" data-id=\"85\" src=\"https:\/\/brandingready.cl\/demos\/centro_estetica\/wp-content\/uploads\/2026\/07\/2090.jpg\" alt=\"\" class=\"wp-image-85\" srcset=\"https:\/\/brandingready.cl\/demos\/centro_estetica\/wp-content\/uploads\/2026\/07\/2090.jpg 1000w, https:\/\/brandingready.cl\/demos\/centro_estetica\/wp-content\/uploads\/2026\/07\/2090-300x200.jpg 300w, https:\/\/brandingready.cl\/demos\/centro_estetica\/wp-content\/uploads\/2026\/07\/2090-768x512.jpg 768w\" sizes=\"auto, (max-width: 1000px) 100vw, 1000px\" \/><\/a><\/figure>\n\n\n\n<figure class=\"wp-block-image size-large\"><a href=\"https:\/\/brandingready.cl\/demos\/centro_estetica\/wp-content\/uploads\/2026\/07\/19857.jpg\"><img loading=\"lazy\" decoding=\"async\" width=\"1001\" height=\"693\" data-id=\"88\" src=\"https:\/\/brandingready.cl\/demos\/centro_estetica\/wp-content\/uploads\/2026\/07\/19857.jpg\" alt=\"\" class=\"wp-image-88\" srcset=\"https:\/\/brandingready.cl\/demos\/centro_estetica\/wp-content\/uploads\/2026\/07\/19857.jpg 1001w, https:\/\/brandingready.cl\/demos\/centro_estetica\/wp-content\/uploads\/2026\/07\/19857-300x208.jpg 300w, https:\/\/brandingready.cl\/demos\/centro_estetica\/wp-content\/uploads\/2026\/07\/19857-768x532.jpg 768w\" sizes=\"auto, (max-width: 1001px) 100vw, 1001px\" \/><\/a><\/figure>\n\n\n\n<figure class=\"wp-block-image size-large\"><a href=\"https:\/\/brandingready.cl\/demos\/centro_estetica\/wp-content\/uploads\/2026\/07\/2150555152.jpg\"><img loading=\"lazy\" decoding=\"async\" width=\"1000\" height=\"667\" data-id=\"93\" src=\"https:\/\/brandingready.cl\/demos\/centro_estetica\/wp-content\/uploads\/2026\/07\/2150555152.jpg\" alt=\"\" class=\"wp-image-93\" srcset=\"https:\/\/brandingready.cl\/demos\/centro_estetica\/wp-content\/uploads\/2026\/07\/2150555152.jpg 1000w, https:\/\/brandingready.cl\/demos\/centro_estetica\/wp-content\/uploads\/2026\/07\/2150555152-300x200.jpg 300w, https:\/\/brandingready.cl\/demos\/centro_estetica\/wp-content\/uploads\/2026\/07\/2150555152-768x512.jpg 768w\" sizes=\"auto, (max-width: 1000px) 100vw, 1000px\" \/><\/a><\/figure>\n\n\n\n<figure class=\"wp-block-image size-large\"><a href=\"https:\/\/brandingready.cl\/demos\/centro_estetica\/wp-content\/uploads\/2026\/07\/2151983508-2.jpg\"><img loading=\"lazy\" decoding=\"async\" width=\"1024\" height=\"683\" data-id=\"53\" src=\"https:\/\/brandingready.cl\/demos\/centro_estetica\/wp-content\/uploads\/2026\/07\/2151983508-2-1024x683.jpg\" alt=\"\" class=\"wp-image-53\" srcset=\"https:\/\/brandingready.cl\/demos\/centro_estetica\/wp-content\/uploads\/2026\/07\/2151983508-2-1024x683.jpg 1024w, https:\/\/brandingready.cl\/demos\/centro_estetica\/wp-content\/uploads\/2026\/07\/2151983508-2-300x200.jpg 300w, https:\/\/brandingready.cl\/demos\/centro_estetica\/wp-content\/uploads\/2026\/07\/2151983508-2-768x512.jpg 768w, https:\/\/brandingready.cl\/demos\/centro_estetica\/wp-content\/uploads\/2026\/07\/2151983508-2-1536x1025.jpg 1536w, https:\/\/brandingready.cl\/demos\/centro_estetica\/wp-content\/uploads\/2026\/07\/2151983508-2.jpg 2000w\" sizes=\"auto, (max-width: 1024px) 100vw, 1024px\" \/><\/a><\/figure>\n\n\n\n<figure class=\"wp-block-image size-large\"><a href=\"https:\/\/brandingready.cl\/demos\/centro_estetica\/wp-content\/uploads\/2026\/07\/2415.jpg\"><img loading=\"lazy\" decoding=\"async\" width=\"1024\" height=\"512\" data-id=\"13\" src=\"https:\/\/brandingready.cl\/demos\/centro_estetica\/wp-content\/uploads\/2026\/07\/2415-1024x512.jpg\" alt=\"\" class=\"wp-image-13\" srcset=\"https:\/\/brandingready.cl\/demos\/centro_estetica\/wp-content\/uploads\/2026\/07\/2415-1024x512.jpg 1024w, https:\/\/brandingready.cl\/demos\/centro_estetica\/wp-content\/uploads\/2026\/07\/2415-300x150.jpg 300w, https:\/\/brandingready.cl\/demos\/centro_estetica\/wp-content\/uploads\/2026\/07\/2415-768x384.jpg 768w, https:\/\/brandingready.cl\/demos\/centro_estetica\/wp-content\/uploads\/2026\/07\/2415-1536x768.jpg 1536w, https:\/\/brandingready.cl\/demos\/centro_estetica\/wp-content\/uploads\/2026\/07\/2415.jpg 2000w\" sizes=\"auto, (max-width: 1024px) 100vw, 1024px\" \/><\/a><\/figure>\n<\/figure>\n<\/div><\/div>\n\n\n\n<div id=\"agenda\" class=\"wp-block-uagb-container uagb-block-3cb0feb0 alignfull uagb-is-root-container\"><div class=\"uagb-container-inner-blocks-wrap\">\n<h1 class=\"wp-block-heading has-text-align-center\" style=\"font-size:50px\">Agenda y Ubicaci\u00f3n<\/h1>\n<\/div><\/div>\n\n\n\n<div id=\"ubicacion\" class=\"wp-block-uagb-container uagb-block-44d50f60 alignfull uagb-is-root-container\"><div class=\"uagb-container-inner-blocks-wrap\">\n<div class=\"wp-block-uagb-container uagb-block-a903df0f\">\n<h4 class=\"wp-block-heading has-text-align-center\">Horarios de atenci\u00f3n<\/h4>\n\n\n\n<div class=\"wp-block-uagb-advanced-heading uagb-block-719e81dd\"><h3 class=\"uagb-heading-text\"><strong>Martes a Domingo: <\/strong><br><strong>09:30 a 20:30 hrs.<\/strong><\/h3><\/div>\n\n\n\n<div class=\"wp-block-uagb-container uagb-block-ad448a93\">\n<a style=\"display:block;text-align:center;\" href=\"https:\/\/wa.me\" target=\"_blank\" rel=\"noopener\"><img loading=\"lazy\" decoding=\"async\" class=\"alignnone\" src=\"https:\/\/img.icons8.com\/color\/48\/whatsapp--v6.png\" alt=\"whatsapp--v6\" width=\"48\" height=\"48\"><\/a>\n<\/div>\n<\/div>\n\n\n\n<div class=\"wp-block-uagb-container uagb-block-dee64097\">\t\t\t<div \n\t\t\tclass=\"wp-block-uagb-google-map uagb-google-map__wrap uagb-block-afeb168d     \"\n\t\t\tstyle=\"\" >\n\t\t\t\t<embed\n\t\t\t\t\tclass=\"uagb-google-map__iframe\"\n\t\t\t\t\ttitle=\"Mapa de Google de \"\n\t\t\t\t\tsrc=\"https:\/\/maps.google.com\/maps?q=Avenida%20Kennedy%205670&#038;z=17&#038;hl=es&#038;t=m&#038;output=embed&#038;iwloc=near\"\n\t\t\t\t\twidth=\"640\"\n\t\t\t\t\theight=\"300\"\n\t\t\t\t\tloading=\"lazy\"\n\t\t\t\t><\/embed>\n\t\t\t<\/div>\n\t\t\t<\/div>\n<\/div><\/div>\n\n\n\n<p class=\"wp-block-paragraph\"><\/p>\n","protected":false},"excerpt":{"rendered":"<p>Resalta tu Belleza Natural D\u00eda a D\u00eda Tratamientos dermoest\u00e9ticos avanzados y cuidado integral. Centro de Santiago, Chile Evaluaci\u00f3n Personalizada Cada [&hellip;]<\/p>\n","protected":false},"author":1,"featured_media":0,"parent":0,"menu_order":0,"comment_status":"closed","ping_status":"closed","template":"","meta":{"_uag_custom_page_level_css":"","site-sidebar-layout":"no-sidebar","site-content-layout":"","ast-site-content-layout":"full-width-container","site-content-style":"default","site-sidebar-style":"default","ast-global-header-display":"","ast-banner-title-visibility":"disabled","ast-main-header-display":"","ast-hfb-above-header-display":"","ast-hfb-below-header-display":"","ast-hfb-mobile-header-display":"","site-post-title":"","ast-breadcrumbs-content":"","ast-featured-img":"","footer-sml-layout":"","ast-disable-related-posts":"","theme-transparent-header-meta":"","adv-header-id-meta":"","stick-header-meta":"","header-above-stick-meta":"","header-main-stick-meta":"","header-below-stick-meta":"","astra-migrate-meta-layouts":"default","ast-page-background-enabled":"default","ast-page-background-meta":{"desktop":{"background-color":"var(--ast-global-color-5)","background-image":"","background-repeat":"repeat","background-position":"center center","background-size":"auto","background-attachment":"scroll","background-type":"","background-media":"","overlay-type":"","overlay-color":"","overlay-opacity":"","overlay-gradient":""},"tablet":{"background-color":"","background-image":"","background-repeat":"repeat","background-position":"center center","background-size":"auto","background-attachment":"scroll","background-type":"","background-media":"","overlay-type":"","overlay-color":"","overlay-opacity":"","overlay-gradient":""},"mobile":{"background-color":"","background-image":"","background-repeat":"repeat","background-position":"center center","background-size":"auto","background-attachment":"scroll","background-type":"","background-media":"","overlay-type":"","overlay-color":"","overlay-opacity":"","overlay-gradient":""}},"ast-content-background-meta":{"desktop":{"background-color":"var(--ast-global-color-4)","background-image":"","background-repeat":"repeat","background-position":"center center","background-size":"auto","background-attachment":"scroll","background-type":"","background-media":"","overlay-type":"","overlay-color":"","overlay-opacity":"","overlay-gradient":""},"tablet":{"background-color":"var(--ast-global-color-4)","background-image":"","background-repeat":"repeat","background-position":"center center","background-size":"auto","background-attachment":"scroll","background-type":"","background-media":"","overlay-type":"","overlay-color":"","overlay-opacity":"","overlay-gradient":""},"mobile":{"background-color":"var(--ast-global-color-4)","background-image":"","background-repeat":"repeat","background-position":"center center","background-size":"auto","background-attachment":"scroll","background-type":"","background-media":"","overlay-type":"","overlay-color":"","overlay-opacity":"","overlay-gradient":""}},"footnotes":""},"class_list":["post-11","page","type-page","status-publish","hentry"],"uagb_featured_image_src":{"full":false,"thumbnail":false,"medium":false,"medium_large":false,"large":false,"1536x1536":false,"2048x2048":false},"uagb_author_info":{"display_name":"Admin-Centro_Estetica","author_link":"https:\/\/brandingready.cl\/demos\/centro_estetica\/author\/admin-flora\/"},"uagb_comment_info":0,"uagb_excerpt":"Resalta tu Belleza Natural D\u00eda a D\u00eda Tratamientos dermoest\u00e9ticos avanzados y cuidado integral. Centro de Santiago, Chile Evaluaci\u00f3n Personalizada Cada [&hellip;]","_links":{"self":[{"href":"https:\/\/brandingready.cl\/demos\/centro_estetica\/wp-json\/wp\/v2\/pages\/11","targetHints":{"allow":["GET"]}}],"collection":[{"href":"https:\/\/brandingready.cl\/demos\/centro_estetica\/wp-json\/wp\/v2\/pages"}],"about":[{"href":"https:\/\/brandingready.cl\/demos\/centro_estetica\/wp-json\/wp\/v2\/types\/page"}],"author":[{"embeddable":true,"href":"https:\/\/brandingready.cl\/demos\/centro_estetica\/wp-json\/wp\/v2\/users\/1"}],"replies":[{"embeddable":true,"href":"https:\/\/brandingready.cl\/demos\/centro_estetica\/wp-json\/wp\/v2\/comments?post=11"}],"version-history":[{"count":47,"href":"https:\/\/brandingready.cl\/demos\/centro_estetica\/wp-json\/wp\/v2\/pages\/11\/revisions"}],"predecessor-version":[{"id":125,"href":"https:\/\/brandingready.cl\/demos\/centro_estetica\/wp-json\/wp\/v2\/pages\/11\/revisions\/125"}],"wp:attachment":[{"href":"https:\/\/brandingready.cl\/demos\/centro_estetica\/wp-json\/wp\/v2\/media?parent=11"}],"curies":[{"name":"wp","href":"https:\/\/api.w.org\/{rel}","templated":true}]}}